{"id":1522,"date":"2024-09-16T15:53:52","date_gmt":"2024-09-16T21:53:52","guid":{"rendered":"http:\/\/acusticaysonido.net\/ayshome\/?post_type=product&#038;p=1522"},"modified":"2024-09-16T15:53:52","modified_gmt":"2024-09-16T21:53:52","slug":"fonestar-gat-252-altavoces-techo","status":"publish","type":"product","link":"http:\/\/acusticaysonido.net\/ayshome\/index.php\/product\/fonestar-gat-252-altavoces-techo\/","title":{"rendered":"FONESTAR, GAT-252, Altavoces Techo"},"content":{"rendered":"<table class=\"table-bordered\">\n<tbody>\n<tr class=\"border-bottom\">\n<td class=\"feature\">CARACTER\u00cdSTICAS:<\/td>\n<td class=\"description\">Altavoz de techo con transformador de l\u00ednea 100 V.<br \/>\nTama\u00f1o foco hal\u00f3geno.<br \/>\nSistema de instalaci\u00f3n r\u00e1pida.<\/td>\n<\/tr>\n<tr class=\"border-bottom\">\n<td class=\"feature\">POTENCIA:<\/td>\n<td class=\"description\">10 W m\u00e1ximo, 6 W RMS<\/td>\n<\/tr>\n<tr class=\"border-bottom\">\n<td class=\"feature\">ALTAVOCES:<\/td>\n<td class=\"description\">3&#8221;<\/td>\n<\/tr>\n<tr class=\"border-bottom\">\n<td class=\"feature\">RESPUESTA:<\/td>\n<td class=\"description\">120-20.000 Hz<\/td>\n<\/tr>\n<tr class=\"border-bottom\">\n<td class=\"feature\">IMPEDANCIA:<\/td>\n<td class=\"description\">6 W RMS@100 V (1.660 \u03a9)<br \/>\n3 W RMS@100\/70 V (3.330 \u03a9\/1.660 \u03a9)<br \/>\n1&#8217;5 W RMS@70 V (3.330 \u03a9)<\/td>\n<\/tr>\n<tr class=\"border-bottom\">\n<td class=\"feature\">SENSIBILIDAD:<\/td>\n<td class=\"description\">88 dB a 1 W\/1 m<\/td>\n<\/tr>\n<tr class=\"border-bottom\">\n<td class=\"feature\">\u00c1NGULO DE COBERTURA:<\/td>\n<td class=\"description\">120\u00b0<\/td>\n<\/tr>\n<tr class=\"border-bottom\">\n<td class=\"feature\">MATERIAL:<\/td>\n<td class=\"description\">ABS y rejilla de aluminio<\/td>\n<\/tr>\n<tr class=\"border-bottom\">\n<td class=\"feature\">COLOR:<\/td>\n<td class=\"description\">Blanco (RAL 9003)<\/td>\n<\/tr>\n<tr class=\"border-bottom\">\n<td class=\"feature\">MEDIDAS:<\/td>\n<td class=\"description\">104 mm \u00d8 x 76 mm fondo<\/td>\n<\/tr>\n<tr class=\"border-bottom\">\n<td class=\"feature\">ORIFICIO:<\/td>\n<td class=\"description\">92 mm \u00d8<\/td>\n<\/tr>\n<tr class=\"border-bottom\">\n<td class=\"feature\">PESO:<\/td>\n<td class=\"description\">0&#8217;42 kg<\/td>\n<\/tr>\n<tr class=\"border-bottom\">\n<td class=\"feature\">:<\/td>\n<td class=\"description\">Sistema de instalaci\u00f3n r\u00e1pida<\/td>\n<\/tr>\n<\/tbody>\n<\/table>\n<p><a href=\"https:\/\/fonestar.com\/gat-252\/\" target=\"_blank\" rel=\"noopener noreferrer\"><span style=\"color: #0000ff;\">Click aqu\u00ed para m\u00e1s informaci\u00f3n del producto.<\/span><\/a><\/p>\n","protected":false},"excerpt":{"rendered":"<p>Altavoz de techo tama\u00f1o foco hal\u00f3geno, para ambientaci\u00f3n musical y avisos por voz en instalaciones de l\u00ednea de 100 V en oficinas, peque\u00f1os comercios, restaurantes, salas de espera, etc.<\/p>\n<p>Dise\u00f1o actual sin marco, con rejilla de aluminio y tama\u00f1o de foco hal\u00f3geno que lo hacen pasar desapercibido en cualquier instalaci\u00f3n.<br \/>\nTiene un sonido n\u00edtido y limpio, perfecto tanto para voz como para hilo musical.<br \/>\nGran \u00e1ngulo de cobertura de 120\u00b0 que permite cubrir mayor superficie en funci\u00f3n de la altura del techo.<br \/>\nTiene sistema de instalaci\u00f3n r\u00e1pida que minimiza el tiempo de montaje.<\/p>\n","protected":false},"featured_media":1523,"comment_status":"closed","ping_status":"closed","template":"","meta":[],"product_cat":[24],"product_tag":[25,20,26],"_links":{"self":[{"href":"http:\/\/acusticaysonido.net\/ayshome\/index.php\/wp-json\/wp\/v2\/product\/1522"}],"collection":[{"href":"http:\/\/acusticaysonido.net\/ayshome\/index.php\/wp-json\/wp\/v2\/product"}],"about":[{"href":"http:\/\/acusticaysonido.net\/ayshome\/index.php\/wp-json\/wp\/v2\/types\/product"}],"replies":[{"embeddable":true,"href":"http:\/\/acusticaysonido.net\/ayshome\/index.php\/wp-json\/wp\/v2\/comments?post=1522"}],"wp:featuredmedia":[{"embeddable":true,"href":"http:\/\/acusticaysonido.net\/ayshome\/index.php\/wp-json\/wp\/v2\/media\/1523"}],"wp:attachment":[{"href":"http:\/\/acusticaysonido.net\/ayshome\/index.php\/wp-json\/wp\/v2\/media?parent=1522"}],"wp:term":[{"taxonomy":"product_cat","embeddable":true,"href":"http:\/\/acusticaysonido.net\/ayshome\/index.php\/wp-json\/wp\/v2\/product_cat?post=1522"},{"taxonomy":"product_tag","embeddable":true,"href":"http:\/\/acusticaysonido.net\/ayshome\/index.php\/wp-json\/wp\/v2\/product_tag?post=1522"}],"curies":[{"name":"wp","href":"https:\/\/api.w.org\/{rel}","templated":true}]}}