{"id":1341,"date":"2021-11-25T15:57:15","date_gmt":"2021-11-25T21:57:15","guid":{"rendered":"https:\/\/acusticaysonido.net\/ayshome\/?post_type=product&#038;p=1341"},"modified":"2024-09-15T14:01:57","modified_gmt":"2024-09-15T20:01:57","slug":"fonestar-prox-60-amplificador","status":"publish","type":"product","link":"http:\/\/acusticaysonido.net\/ayshome\/index.php\/product\/fonestar-prox-60-amplificador\/","title":{"rendered":"FONESTAR, PROX-60, Amplificador"},"content":{"rendered":"<p><strong>Especificaciones<\/strong><\/p>\n<table width=\"746\">\n<tbody>\n<tr>\n<td width=\"119\">CARACTER\u00cdSTICAS<\/td>\n<td width=\"628\">Amplificador de megafon\u00eda<\/td>\n<\/tr>\n<tr>\n<td width=\"119\"><\/td>\n<td width=\"628\">Reproductor USB\/MP3\/FM.<\/td>\n<\/tr>\n<tr>\n<td width=\"119\"><\/td>\n<td width=\"628\">Entradas de micr\u00f3fono con control de mezcla, ganancia y nivel de prioridad.<\/td>\n<\/tr>\n<tr>\n<td width=\"119\"><\/td>\n<td width=\"628\">Controles de tono.<\/td>\n<\/tr>\n<tr>\n<td width=\"119\"><\/td>\n<td width=\"628\">Salidas de 100 V y 4 \u03a9.<\/td>\n<\/tr>\n<tr>\n<td width=\"119\">POTENCIA<\/td>\n<td width=\"628\">60 W RMS<\/td>\n<\/tr>\n<tr>\n<td width=\"119\">RESPUESTA<\/td>\n<td width=\"628\">20-20.000 Hz \u00b13 dB<\/td>\n<\/tr>\n<tr>\n<td width=\"119\">DISTORSI\u00d3N<\/td>\n<td width=\"628\">Arm\u00f3nica: &lt; 1% a 1 kHz<\/td>\n<\/tr>\n<tr>\n<td width=\"119\">ENTRADAS<\/td>\n<td width=\"628\">1 micro balanceado\/desbalanceado, euroblock\/jack 6&#8217;3 mm, 600 \u03a9 6 mV RMS<\/td>\n<\/tr>\n<tr>\n<td width=\"119\"><\/td>\n<td width=\"628\">1 micro balanceado, euroblock, 600 \u03a9 6 mV RMS<\/td>\n<\/tr>\n<tr>\n<td width=\"119\"><\/td>\n<td width=\"628\">2 auxiliares, euroblock\/2 x RCA, 47.000 \u03a9 300 mV RMS<\/td>\n<\/tr>\n<tr>\n<td width=\"119\"><\/td>\n<td width=\"628\">1 l\u00ednea de 100 V, euroblock<\/td>\n<\/tr>\n<tr>\n<td width=\"119\">FUNCIONES<\/td>\n<td width=\"628\">Prioridad de entradas. Entrada de Emergencia 100V con m\u00e1xima prioridad, atenua el resto de entradas. Entrada de micro 1 y 2 con prioridad sobre entrada Auxiliar, por nivel de se\u00f1al, seleccionable<\/td>\n<\/tr>\n<tr>\n<td width=\"119\"><\/td>\n<td width=\"628\">Mute por cierre de contactos, atenua todas las entradas excepto la entrada de Emergencia 100 V.<\/td>\n<\/tr>\n<tr>\n<td width=\"119\"><\/td>\n<td width=\"628\">Indicadores luminosos de encendido, protecci\u00f3n, pico de se\u00f1al y se\u00f1al de salida<\/td>\n<\/tr>\n<tr>\n<td width=\"119\"><\/td>\n<td width=\"628\">Refrigeraci\u00f3n por inducci\u00f3n sin ventilador<\/td>\n<\/tr>\n<tr>\n<td width=\"119\">CONTROLES<\/td>\n<td width=\"628\">Volumen de micr\u00f3fono<\/td>\n<\/tr>\n<tr>\n<td width=\"119\"><\/td>\n<td width=\"628\">Volumen de entrada seleccionada<\/td>\n<\/tr>\n<tr>\n<td width=\"119\"><\/td>\n<td width=\"628\">Selector de entrada<\/td>\n<\/tr>\n<tr>\n<td width=\"119\"><\/td>\n<td width=\"628\">Controles de reproductor USB\/MP3\/FM<\/td>\n<\/tr>\n<tr>\n<td width=\"119\"><\/td>\n<td width=\"628\">Tono: graves y agudos<\/td>\n<\/tr>\n<tr>\n<td width=\"119\"><\/td>\n<td width=\"628\">Ganancia y prioridad de micr\u00f3fonos<\/td>\n<\/tr>\n<tr>\n<td width=\"119\">REPRODUCTOR<\/td>\n<td width=\"628\">Reproductor USB\/MP3 con modo de reproducci\u00f3n m\u00fasica ambiente. Al encender, autom\u00e1ticamente comienza la reproducci\u00f3n en orden sucesivo<\/td>\n<\/tr>\n<tr>\n<td width=\"119\"><\/td>\n<td width=\"628\">Sintonizador digital FM con presinton\u00edas y b\u00fasqueda autom\u00e1tica<\/td>\n<\/tr>\n<tr>\n<td width=\"119\"><\/td>\n<td width=\"628\">Memoria de \u00faltimo modo seleccionado (USB\/MP3 o FM), \u00faltima canci\u00f3n reproducida o \u00faltima emisora sintonizada y \u00faltimo modo de reproducci\u00f3n seleccionado<\/td>\n<\/tr>\n<tr>\n<td width=\"119\">IMPEDANCIA<\/td>\n<td width=\"628\">4 \u03a9 y l\u00ednea 100 V, euroblock<\/td>\n<\/tr>\n<tr>\n<td width=\"119\">ALIMENTACI\u00d3N<\/td>\n<td width=\"628\">230\/115 V CA, 200 W<\/td>\n<\/tr>\n<tr>\n<td width=\"119\">MEDIDAS<\/td>\n<td width=\"628\">286 x 84 x 260 mm fondo<\/td>\n<\/tr>\n<tr>\n<td width=\"119\">PESO<\/td>\n<td width=\"628\">4&#8217;4 kg<\/td>\n<\/tr>\n<tr>\n<td width=\"119\">ACCESORIOS<\/td>\n<td width=\"628\">Antena FM<\/td>\n<\/tr>\n<\/tbody>\n<\/table>\n<p><a href=\"https:\/\/fonestar.com\/es\/PROX-60\" target=\"_blank\" rel=\"noopener\"><em><strong>Click aqu\u00ed para m\u00e1s informaci\u00f3n del producto.<\/strong><\/em><\/a><\/p>\n","protected":false},"excerpt":{"rendered":"<p>Amplificador de megafon\u00eda USB\/MP3\/FM.<\/p>\n<p>Una soluci\u00f3n perfecta que integra amplificador, mezclador, reproductor, entradas de micr\u00f3fono y auxiliar en un mismo equipo, para instalaciones de megafon\u00eda con altavoces de 100 V o baja impedancia que requieran de un manejo intuitivo y tengan un presupuesto ajustado. Conectores euroblock, seguros y de f\u00e1cil conexi\u00f3n. Gran calidad de sonido. Dise\u00f1o actual y discreto. Tama\u00f1o compacto, para uso en sobremesa.<\/p>\n<p><a href=\"http:\/\/acusticaysonido.net\/ayshome\/index.php\/contactenos\/\" target=\"_blank\" rel=\"noopener\"><em><strong>Llamar para obtener precio<\/strong><\/em><\/a><\/p>\n","protected":false},"featured_media":1342,"comment_status":"closed","ping_status":"closed","template":"","meta":[],"product_cat":[18],"product_tag":[28,19,20],"_links":{"self":[{"href":"http:\/\/acusticaysonido.net\/ayshome\/index.php\/wp-json\/wp\/v2\/product\/1341"}],"collection":[{"href":"http:\/\/acusticaysonido.net\/ayshome\/index.php\/wp-json\/wp\/v2\/product"}],"about":[{"href":"http:\/\/acusticaysonido.net\/ayshome\/index.php\/wp-json\/wp\/v2\/types\/product"}],"replies":[{"embeddable":true,"href":"http:\/\/acusticaysonido.net\/ayshome\/index.php\/wp-json\/wp\/v2\/comments?post=1341"}],"wp:featuredmedia":[{"embeddable":true,"href":"http:\/\/acusticaysonido.net\/ayshome\/index.php\/wp-json\/wp\/v2\/media\/1342"}],"wp:attachment":[{"href":"http:\/\/acusticaysonido.net\/ayshome\/index.php\/wp-json\/wp\/v2\/media?parent=1341"}],"wp:term":[{"taxonomy":"product_cat","embeddable":true,"href":"http:\/\/acusticaysonido.net\/ayshome\/index.php\/wp-json\/wp\/v2\/product_cat?post=1341"},{"taxonomy":"product_tag","embeddable":true,"href":"http:\/\/acusticaysonido.net\/ayshome\/index.php\/wp-json\/wp\/v2\/product_tag?post=1341"}],"curies":[{"name":"wp","href":"https:\/\/api.w.org\/{rel}","templated":true}]}}